{"id":4,"date":"2015-02-11T14:31:45","date_gmt":"2015-02-11T14:31:45","guid":{"rendered":"https:\/\/cmfolclore.ufma.br\/?page_id=4"},"modified":"2024-09-14T03:52:20","modified_gmt":"2024-09-14T03:52:20","slug":"apresentacao","status":"publish","type":"page","link":"https:\/\/cmfolclore.ufma.br\/index.php\/apresentacao\/","title":{"rendered":"Apresenta\u00e7\u00e3o"},"content":{"rendered":"<figure style=\"width: 180px\" class=\"wp-caption alignleft\"><img data-recalc-dims=\"1\" loading=\"lazy\" decoding=\"async\" id=\"Image6_img\" src=\"https:\/\/i0.wp.com\/4.bp.blogspot.com\/_lRMmAtijw3Y\/S2MkpVJN9SI\/AAAAAAAAABU\/gErV-CnsHhU\/S240\/fachada_blog.jpg?resize=180%2C240\" alt=\"\" width=\"180\" height=\"240\" \/><figcaption class=\"wp-caption-text\">Fachada da Casa de Nhozinho. Rua Portugual &#8211; Centro Hist\u00f3rico de S\u00e3o Lu\u00eds.<\/figcaption><\/figure>\n<div style=\"text-align: left;\" align=\"justify\">Fundada\u00a0 em\u00a0 S\u00e3o\u00a0 Lu\u00eds,\u00a0 por\u00a0 Ant\u00f4nio\u00a0 Lopes,\u00a0 em\u00a0 <strong>06\u00a0 de\u00a0 maio\u00a0 de\u00a0 1948<\/strong>,\u00a0 como\u00a0 Sub-Comiss\u00e3o\u00a0 da\u00a0 Comiss\u00e3o Nacional\u00a0 de\u00a0 Folclore\u00a0 \u2013\u00a0 CNF,\u00a0 entidade\u00a0 fundada\u00a0 por\u00a0 Renato\u00a0 Almeida,\u00a0 em\u00a0 19\u00a0 de\u00a0 dezembro\u00a0 de\u00a0 1947,\u00a0 na cidade\u00a0 do\u00a0 Rio\u00a0 de\u00a0 Janeiro,\u00a0 vinculada\u00a0 originalmente\u00a0 ao\u00a0 Instituto\u00a0 Brasileiro\u00a0 de\u00a0 Educa\u00e7\u00e3o,\u00a0 Ci\u00eancias\u00a0 e Cultura-IBECC\/Minist\u00e9rio das Rela\u00e7\u00f5es Exteriores.<\/div>\n<p style=\"text-align: left;\">Tem\u00a0 por\u00a0 miss\u00e3o\u00a0 incentivar,\u00a0 coordenar\u00a0 as\u00a0 pesquisas,\u00a0 os\u00a0 estudos,\u00a0 a\u00a0 promo\u00e7\u00e3o,\u00a0 defesa\u00a0 e\u00a0 divulga\u00e7\u00e3o\u00a0 do folclore e da cultura popular no \u00e2mbito do estado do Maranh\u00e3o.<\/p>\n<div style=\"text-align: left;\" align=\"justify\">\u00c9 sediada na Casa de Nhozinho\/SECMA, edita, desde\u00a0 agosto de 1993,\u00a0 o Boletim da CMF\u00a0 (ISSN 1516-1781)\u00a0 \u2013\u00a0 vers\u00e3o\u00a0 online\u00a0 com\u00a0 apoio\u00a0 da\u00a0 UFMA\u00a0 e\u00a0 colabora\u00e7\u00e3o\u00a0 do\u00a0 Grupo\u00a0 de\u00a0 Pesquisa\u00a0 Religi\u00e3o\u00a0 e\u00a0 Cultura Popular &#8211; GPMINA\/UFMA http:\/\/localhost\/wordpress\/x6<\/div>\n<p>&nbsp;<\/p>\n<p>&nbsp;<\/p>\n<p><span style=\"text-decoration: underline;\"><strong>DIRETORIA E CONSELHO FISCAL \u2013 BI\u00caNIO 2024-2026<\/strong><\/span><\/p>\n<p><strong>Diretoria<\/strong><br \/>\nPresidente: Marilande Martins Abreu;<br \/>\nVice-Presidente: Jandir Silva Gon\u00e7alves;<br \/>\n1\u00b0 Secret\u00e1rio: Lilian Brito Silva;<br \/>\n2\u00b0 Secret\u00e1rio: Roza Maria dos Santos;<br \/>\n1\u00b0 Tesoureiro: Carolina de Sousa Martins;<br \/>\n2\u00b0 Tesoureiro: Reinilda de Oliveira Santos;<\/p>\n<p><strong>Conselho Fiscal<\/strong><br \/>\nTitulares: Joila da Silva Moraes, Gerson Carlos Pereira Lindoso e Maria Raymunda<br \/>\nAra\u00fajo (Mundinha Ara\u00fajo);<br \/>\nSuplentes &#8211; Deusd\u00e9dit Carneiro Leite Filho, Eliane Gaspar Leite e Mundicarmo Maria<br \/>\nRocha Ferretti.<\/p>\n<p>&nbsp;<\/p>\n<p>&nbsp;<\/p>\n<p><strong>DIRETORIA 2018-2019<\/strong><\/p>\n<p>Presidente: Joila da Silva Moraes<br \/>\nProfiss\u00e3o: Servidor P\u00fablico &#8211; Professora<br \/>\nVice-Presidente: Marilande Martins Abreu<br \/>\nProfiss\u00e3o: Professora Universit\u00e1ria-UFMA (Antrop\u00f3loga\/Psicanalista)<br \/>\n1\u00ba Secret\u00e1rio: Lilian Brito Alves<br \/>\nProfiss\u00e3o: Turism\u00f3logo<br \/>\n2\u00ba Secret\u00e1rio: Roza Maria dos Santos<br \/>\nProfiss\u00e3o: Comunic\u00f3logo\u00a0 (Aposentada)<br \/>\n1\u00ba Tesoureiro: S\u00e9rgio Figueiredo Ferretti<br \/>\nProfiss\u00e3o: Professor Universit\u00e1rio (aposentado)<br \/>\n2\u00ba Tesoureiro: Reinilda de Oliveira Santos<br \/>\nProfiss\u00e3o: Servidor P\u00fablico-Professora<\/p>\n<p><strong>CONSELHO FISCAL 2018-2019<\/strong><\/p>\n<p>1\u00ba Titular: Carolina Christiane de Souza Martins<br \/>\nProfiss\u00e3o: Historiadora<br \/>\n2\u00ba Titular: Gerson Carlos Pereira Lindoso<br \/>\nProfiss\u00e3o: Professor EBTT (Ensino B\u00e1sico, T\u00e9cnico e Tecnol\u00f3gico)<br \/>\nIFMA-SL-CH e Pesquisador<br \/>\n3\u00ba Titular: Maria Raymunda Ara\u00fajo (Mundinha Ara\u00fajo)<br \/>\nProfiss\u00e3o: Aposentada &#8211; Pesquisadora Cultura Negra<br \/>\n1\u00ba Suplente: Deusd\u00e9dit Carneiro Leite Filho<br \/>\nProfiss\u00e3o: \u00a0Servidor P\u00fablico &#8211; Arque\u00f3logo<br \/>\n2\u00ba Suplente: Eliane Gaspar Leite<br \/>\nProfiss\u00e3o: servidor p\u00fablico \u2013 Arque\u00f3loga e Professora<br \/>\n3\u00ba Suplente: Jandir Silva Gon\u00e7alves<br \/>\nProfiss\u00e3o: Servidor P\u00fablico &#8211; Pesquisador Cultura Popular<\/p>\n<p>&nbsp;<\/p>\n<p><span class=\"noticia\"><strong>DIRETORIA\u00a0 &#8211; 2015-2017<\/strong><\/span><\/p>\n<p>Presidente: Mundicarmo M. R. Ferretti<br \/>\nVice-presidente: Joila da Silva Moraes<br \/>\n1\u00ba Secret\u00e1rio: Roza Maria dos Santos<br \/>\n2\u00ba Secret\u00e1rio: L\u00edlian Brito Alves<br \/>\n1\u00ba Tesoureiro: Eliane Gaspar Leite<br \/>\n2\u00ba Tesoureiro:Fl\u00e1via Andreza O. de Menezes<\/p>\n<p><strong>CONSELHO FISCAL<\/strong><br \/>\nTitulares:<br \/>\nElisene Castro Matos<br \/>\nReinilda de Oliveira Santos<br \/>\nMaria Raimunda Ara\u00fajo (Mundinha Araujo)<\/p>\n<p><strong>Suplentes<\/strong><br \/>\nSurama de Almeida Freitas<br \/>\nMargareth Gomes Figueiredo<br \/>\nJandir da Silva Gon\u00e7alves<\/p>\n<p><strong>CONSELHO EDITORIAL<\/strong><br \/>\nLenir Pereira dos Santos Oliveira<br \/>\nMaria Raimunda Ara\u00fajo<br \/>\nMundicarmo Maria Rocha Ferretti<br \/>\nRoza Maria dos Santos<br \/>\nSergio Figueiredo Ferretti<br \/>\nZelinda de Castro e Lima<\/p>\n<p><strong>ESTATUTO ATUAL<\/strong><br \/>\nAprovado em 28 de Janeiro de 2009<\/p>\n","protected":false},"excerpt":{"rendered":"<p>Fundada\u00a0 em\u00a0 S\u00e3o\u00a0 Lu\u00eds,\u00a0 por\u00a0 Ant\u00f4nio\u00a0 Lopes,\u00a0 em\u00a0 06\u00a0 de\u00a0 maio\u00a0 de\u00a0 1948,\u00a0 como\u00a0 Sub-Comiss\u00e3o\u00a0 da\u00a0 Comiss\u00e3o Nacional\u00a0 de\u00a0 Folclore\u00a0 \u2013\u00a0 CNF,\u00a0 entidade\u00a0 fundada\u00a0 por\u00a0 Renato\u00a0 Almeida,\u00a0 em\u00a0 19\u00a0 de\u00a0 dezembro\u00a0 de\u00a0 1947,\u00a0 na cidade\u00a0 do\u00a0 Rio\u00a0 de\u00a0 Janeiro,\u00a0 vinculada\u00a0 originalmente\u00a0 ao\u00a0 Instituto\u00a0 Brasileiro\u00a0 de\u00a0 Educa\u00e7\u00e3o,\u00a0 Ci\u00eancias\u00a0 e Cultura-IBECC\/Minist\u00e9rio das Rela\u00e7\u00f5es Exteriores. Tem\u00a0 por\u00a0 miss\u00e3o\u00a0 [&hellip;]<\/p>\n","protected":false},"author":11,"featured_media":0,"parent":0,"menu_order":0,"comment_status":"closed","ping_status":"closed","template":"","meta":{"jetpack_post_was_ever_published":false,"footnotes":""},"class_list":["post-4","page","type-page","status-publish","hentry"],"jetpack-related-posts":[],"jetpack_sharing_enabled":true,"_links":{"self":[{"href":"https:\/\/cmfolclore.ufma.br\/index.php\/wp-json\/wp\/v2\/pages\/4","targetHints":{"allow":["GET"]}}],"collection":[{"href":"https:\/\/cmfolclore.ufma.br\/index.php\/wp-json\/wp\/v2\/pages"}],"about":[{"href":"https:\/\/cmfolclore.ufma.br\/index.php\/wp-json\/wp\/v2\/types\/page"}],"author":[{"embeddable":true,"href":"https:\/\/cmfolclore.ufma.br\/index.php\/wp-json\/wp\/v2\/users\/11"}],"replies":[{"embeddable":true,"href":"https:\/\/cmfolclore.ufma.br\/index.php\/wp-json\/wp\/v2\/comments?post=4"}],"version-history":[{"count":10,"href":"https:\/\/cmfolclore.ufma.br\/index.php\/wp-json\/wp\/v2\/pages\/4\/revisions"}],"predecessor-version":[{"id":642,"href":"https:\/\/cmfolclore.ufma.br\/index.php\/wp-json\/wp\/v2\/pages\/4\/revisions\/642"}],"wp:attachment":[{"href":"https:\/\/cmfolclore.ufma.br\/index.php\/wp-json\/wp\/v2\/media?parent=4"}],"curies":[{"name":"wp","href":"https:\/\/api.w.org\/{rel}","templated":true}]}}